{"id":413,"date":"2019-04-24T12:59:08","date_gmt":"2019-04-24T12:59:08","guid":{"rendered":"http:\/\/clubesportiubarna.com\/?page_id=413"},"modified":"2025-10-31T10:52:55","modified_gmt":"2025-10-31T10:52:55","slug":"cursos-anuales","status":"publish","type":"page","link":"https:\/\/clubesportiubarna.com\/?page_id=413","title":{"rendered":"CURSOS ANUALES"},"content":{"rendered":"\n<h4 class=\"wp-block-heading\"><span class=\"s1\">INFORMACI\u00d3N DE LOS GRUPOS:<\/span><\/h4>\n\n\n\n<h4 class=\"wp-block-heading\"><mark style=\"background-color:rgba(0, 0, 0, 0);color:#f311ab\" class=\"has-inline-color\">\u00a1Empieza a bailar!<\/mark><\/h4>\n\n\n\n<p class=\"p1\"><span class=\"s1\"><strong>De P3 a P5<\/strong><\/span><\/p>\n\n\n\n<p>Desarrollo motriz, intelectual y afectivo mediante diferentes cuentos gimn\u00e1sticos.<\/p>\n\n\n\n<div class=\"wp-block-columns has-2-columns is-layout-flex wp-container-core-columns-is-layout-1 wp-block-columns-is-layout-flex\">\n<div class=\"wp-block-column is-layout-flow wp-block-column-is-layout-flow\">\n<p>Muestra sesi\u00f3n: <a rel=\"noreferrer noopener\" href=\"https:\/\/vimeo.com\/82829269\" target=\"_blank\">COMEN\u00c7A A BALLAR!<\/a><\/p>\n\n\n\n<p>La estimulaci\u00f3n de la psicomotricidad en edades precoces va estrechamente relacionada en el desarrollo de su intelecto. Los principales objetivos son:<\/p>\n\n\n\n<ul>\n<li>Ayudar al ni\u00f1o a conocer su propio cuerpo y sus posibilidades de acci\u00f3n, con \u00e9l y su entorno.<\/li>\n\n\n\n<li>Aumentar su potencial en los siguientes aspectos: f\u00edsico, intelectual y afectivo.<\/li>\n\n\n\n<li>Mejorar su autocontrol y sus relaciones interpersonales y con el medio.<\/li>\n\n\n\n<li>Colaborar en la educaci\u00f3n de los ni\u00f1os con problemas de aprendizaje o de relaci\u00f3n con los dem\u00e1s.<\/li>\n<\/ul>\n<\/div>\n\n\n\n<div class=\"wp-block-column is-vertically-aligned-top is-layout-flow wp-block-column-is-layout-flow\"><div class=\"wp-block-image\">\n<figure class=\"alignright is-resized\"><img loading=\"lazy\" decoding=\"async\" width=\"500\" height=\"791\" src=\"https:\/\/clubesportiubarna.com\/wp-content\/uploads\/2019\/04\/comenc\u0327a_ballar.jpg\" alt=\"\" class=\"wp-image-180\" style=\"width:232px;height:367px\" srcset=\"https:\/\/clubesportiubarna.com\/wp-content\/uploads\/2019\/04\/comenc\u0327a_ballar.jpg 500w, https:\/\/clubesportiubarna.com\/wp-content\/uploads\/2019\/04\/comenc\u0327a_ballar-190x300.jpg 190w\" sizes=\"(max-width: 500px) 100vw, 500px\" \/><\/figure><\/div><\/div>\n<\/div>\n\n\n\n<h4 class=\"wp-block-heading\"><mark style=\"background-color:rgba(0, 0, 0, 0);color:#f603a9\" class=\"has-inline-color\">Iniciaci\u00f3n 1<\/mark><\/h4>\n\n\n\n<p class=\"p1\"><span class=\"s1\"><strong>De P5 (seg\u00fan grupo) a 3\u00ba EP<\/strong><\/span><\/p>\n\n\n\n<div class=\"wp-block-columns has-2-columns is-layout-flex wp-container-core-columns-is-layout-2 wp-block-columns-is-layout-flex\">\n<div class=\"wp-block-column is-layout-flow wp-block-column-is-layout-flow\"><div class=\"wp-block-image\">\n<figure class=\"alignleft is-resized\"><img loading=\"lazy\" decoding=\"async\" width=\"500\" height=\"667\" src=\"https:\/\/clubesportiubarna.com\/wp-content\/uploads\/2019\/04\/iniciacio1.jpg\" alt=\"\" class=\"wp-image-297\" style=\"width:227px;height:303px\" srcset=\"https:\/\/clubesportiubarna.com\/wp-content\/uploads\/2019\/04\/iniciacio1.jpg 500w, https:\/\/clubesportiubarna.com\/wp-content\/uploads\/2019\/04\/iniciacio1-225x300.jpg 225w\" sizes=\"(max-width: 500px) 100vw, 500px\" \/><\/figure><\/div><\/div>\n\n\n\n<div class=\"wp-block-column is-layout-flow wp-block-column-is-layout-flow\">\n<p>Ampliaci\u00f3n del desarrollo motriz mediante habilidades gimn\u00e1sticas, f\u00edsicas y expresivas.<\/p>\n\n\n\n<p>Mostrar sesi\u00f3n: <a rel=\"noreferrer noopener\" href=\"https:\/\/vimeo.com\/82953103\" target=\"_blank\">INICIACI\u00d3 1<\/a><\/p>\n\n\n\n<p>Durante estos primeros a\u00f1os de pr\u00e1ctica en la disciplina de gimnasia r\u00edtmica, las gimnastas se enriquecer\u00e1n de un aprendizaje global y muy educativo donde no s\u00f3lo aprender\u00e1n t\u00e9cnicas concretas del deporte, sino diversi\u00f3n, disciplina, h\u00e1bitos saludables,&#8230; por tal de hacer de nuestras peque\u00f1as gimnastas unas grandes personas mediante una formaci\u00f3n integral.<\/p>\n<\/div>\n<\/div>\n\n\n\n<h4 class=\"wp-block-heading\"><span class=\"s2\"><span style=\"color:#e4027a\" class=\"has-inline-color\">Iniciaci\u00f3n 2<\/span><\/span><\/h4>\n\n\n\n<p class=\"p1\"><span class=\"s1\"><strong>3\u00ba EP en adelante (2 grupos por edad)<\/strong><\/span><\/p>\n\n\n\n<div class=\"wp-block-columns has-2-columns is-layout-flex wp-container-core-columns-is-layout-3 wp-block-columns-is-layout-flex\">\n<div class=\"wp-block-column is-layout-flow wp-block-column-is-layout-flow\"><div class=\"wp-block-image\">\n<figure class=\"alignright size-large is-resized\"><img loading=\"lazy\" decoding=\"async\" width=\"826\" height=\"1024\" src=\"https:\/\/clubesportiubarna.com\/wp-content\/uploads\/2024\/06\/Screenshot-2024-05-28-10.15.03-826x1024.jpeg\" alt=\"\" class=\"wp-image-1077\" style=\"width:218px;height:290px\" srcset=\"https:\/\/clubesportiubarna.com\/wp-content\/uploads\/2024\/06\/Screenshot-2024-05-28-10.15.03-826x1024.jpeg 826w, https:\/\/clubesportiubarna.com\/wp-content\/uploads\/2024\/06\/Screenshot-2024-05-28-10.15.03-242x300.jpeg 242w, https:\/\/clubesportiubarna.com\/wp-content\/uploads\/2024\/06\/Screenshot-2024-05-28-10.15.03-768x952.jpeg 768w, https:\/\/clubesportiubarna.com\/wp-content\/uploads\/2024\/06\/Screenshot-2024-05-28-10.15.03.jpeg 828w\" sizes=\"(max-width: 826px) 100vw, 826px\" \/><\/figure><\/div>\n\n\n<p>Profundizaci\u00f3n de las habilidades gimn\u00e1sticas mediante varios m\u00e9todos de entrenamiento. <\/p>\n\n\n\n<p>Posibilidad de realizar competiciones de tipo escolar.<\/p>\n\n\n\n<p>Mostrar sesi\u00f3n: <a rel=\"noreferrer noopener\" href=\"https:\/\/vimeo.com\/83389919\" target=\"_blank\">INICIACI\u00d3 2<\/a><\/p>\n\n\n\n<p>Los beneficios que aporta la iniciaci\u00f3n deportiva y en este caso la gimnasia r\u00edtmica son: <br>&#8211; El desarrollo multilateral y arm\u00f3nico. <br>&#8211; El fortalecimiento de la salud. <br>&#8211; El dominio de la t\u00e9cnica y la t\u00e1ctica. <br>&#8211; El desarrollo de las cualidades f\u00edsicas, morales y volutives, entre otros.<\/p>\n<\/div>\n<\/div>\n\n\n\n<p><mark style=\"background-color:rgba(0, 0, 0, 0);color:#d50268\" class=\"has-inline-color\"><strong>Preseleci\u00f2<\/strong><\/mark><\/p>\n\n\n\n<p><\/p>\n\n\n<div class=\"wp-block-image\">\n<figure class=\"alignleft size-large is-resized\"><img loading=\"lazy\" decoding=\"async\" width=\"1024\" height=\"1022\" src=\"https:\/\/clubesportiubarna.com\/wp-content\/uploads\/2025\/10\/IMG_1806-1-1-1024x1022.jpeg\" alt=\"\" class=\"wp-image-1304\" style=\"width:234px;height:auto\" srcset=\"https:\/\/clubesportiubarna.com\/wp-content\/uploads\/2025\/10\/IMG_1806-1-1-1024x1022.jpeg 1024w, https:\/\/clubesportiubarna.com\/wp-content\/uploads\/2025\/10\/IMG_1806-1-1-300x300.jpeg 300w, https:\/\/clubesportiubarna.com\/wp-content\/uploads\/2025\/10\/IMG_1806-1-1-150x150.jpeg 150w, https:\/\/clubesportiubarna.com\/wp-content\/uploads\/2025\/10\/IMG_1806-1-1-768x767.jpeg 768w, https:\/\/clubesportiubarna.com\/wp-content\/uploads\/2025\/10\/IMG_1806-1-1.jpeg 1031w\" sizes=\"(max-width: 1024px) 100vw, 1024px\" \/><\/figure><\/div>\n\n\n<p>Perfeccionamiento de las habilidades gimn\u00e1sticas mediante diversos m\u00e9todos de entrenamiento. Posibilidad de participar en competiciones a nivel escolar.<\/p>\n\n\n\n<p>Los grupos de preselecci\u00f3n est\u00e1n formados por gimnastas seleccionados de los grupos de iniciaci\u00f3n que han demostrado habilidades espec\u00edficas y una fuerte motivaci\u00f3n.<br>Estos gimnastas se entrenan con el objetivo de participar en competiciones escolares, desarrollando su t\u00e9cnica, disciplina y esp\u00edritu deportivo.<\/p>\n\n\n\n<p><\/p>\n\n\n\n<p><\/p>\n\n\n\n<p><\/p>\n\n\n\n<p><\/p>\n\n\n\n<h4 class=\"wp-block-heading\"><mark style=\"background-color:rgba(0, 0, 0, 0);color:#d50268\" class=\"has-inline-color\">Grupos de acceso por selecci\u00f3n<\/mark><\/h4>\n\n\n\n<div class=\"wp-block-columns has-2-columns is-layout-flex wp-container-core-columns-is-layout-4 wp-block-columns-is-layout-flex\">\n<div class=\"wp-block-column is-layout-flow wp-block-column-is-layout-flow\"><div class=\"wp-block-image\">\n<figure class=\"alignleft size-large is-resized\"><img loading=\"lazy\" decoding=\"async\" width=\"682\" height=\"1024\" src=\"https:\/\/clubesportiubarna.com\/wp-content\/uploads\/2025\/06\/image0-6-1-682x1024.jpeg\" alt=\"\" class=\"wp-image-1132\" style=\"aspect-ratio:0.6373937677053825;width:257px;height:auto\" srcset=\"https:\/\/clubesportiubarna.com\/wp-content\/uploads\/2025\/06\/image0-6-1-682x1024.jpeg 682w, https:\/\/clubesportiubarna.com\/wp-content\/uploads\/2025\/06\/image0-6-1-200x300.jpeg 200w, https:\/\/clubesportiubarna.com\/wp-content\/uploads\/2025\/06\/image0-6-1-768x1153.jpeg 768w, https:\/\/clubesportiubarna.com\/wp-content\/uploads\/2025\/06\/image0-6-1-1023x1536.jpeg 1023w, https:\/\/clubesportiubarna.com\/wp-content\/uploads\/2025\/06\/image0-6-1-1364x2048.jpeg 1364w, https:\/\/clubesportiubarna.com\/wp-content\/uploads\/2025\/06\/image0-6-1-scaled.jpeg 1705w\" sizes=\"(max-width: 682px) 100vw, 682px\" \/><\/figure><\/div>\n\n\n<figure class=\"wp-block-gallery has-nested-images columns-default is-cropped wp-block-gallery-1 is-layout-flex wp-block-gallery-is-layout-flex\">\n<figure class=\"wp-block-image size-large\"><img loading=\"lazy\" decoding=\"async\" width=\"768\" height=\"1024\" src=\"https:\/\/clubesportiubarna.com\/wp-content\/uploads\/2025\/06\/PHOTO-2025-02-16-16-53-05-2-768x1024.jpeg\" alt=\"\" class=\"wp-image-1142\" srcset=\"https:\/\/clubesportiubarna.com\/wp-content\/uploads\/2025\/06\/PHOTO-2025-02-16-16-53-05-2-768x1024.jpeg 768w, https:\/\/clubesportiubarna.com\/wp-content\/uploads\/2025\/06\/PHOTO-2025-02-16-16-53-05-2-225x300.jpeg 225w, https:\/\/clubesportiubarna.com\/wp-content\/uploads\/2025\/06\/PHOTO-2025-02-16-16-53-05-2-1152x1536.jpeg 1152w, https:\/\/clubesportiubarna.com\/wp-content\/uploads\/2025\/06\/PHOTO-2025-02-16-16-53-05-2.jpeg 1200w\" sizes=\"(max-width: 768px) 100vw, 768px\" \/><\/figure>\n<\/figure>\n<\/div>\n\n\n\n<div class=\"wp-block-column is-layout-flow wp-block-column-is-layout-flow\">\n<p><strong>A partir de 1\u00ba EP.<\/strong><\/p>\n\n\n\n<p class=\"has-text-align-left\">Grupo de gimnastas, seleccionado previamente, con unas aptitudes claras para la pr\u00e1ctica de este deporte. Ampliaci\u00f3n de los requisitos, horarios, contenidos y exigencia para poder optar a la competici\u00f3n. Grupo de gimnastas que se iniciar\u00e1n en competiciones de m\u00e1s exigencia y es por eso que su preparaci\u00f3n debe ser m\u00e1s elevada. Se realiza un trabajo con exigencia todo por el gusto por el deporte y la pr\u00e1ctica gimnasia, buscando, en todo momento, una actitud positiva hacia el entrenamiento.<\/p>\n\n\n\n<figure class=\"wp-block-image size-full\"><img loading=\"lazy\" decoding=\"async\" width=\"1024\" height=\"645\" src=\"https:\/\/clubesportiubarna.com\/wp-content\/uploads\/2025\/10\/PHOTO-2025-10-30-13-10-37.jpeg\" alt=\"\" class=\"wp-image-1270\" srcset=\"https:\/\/clubesportiubarna.com\/wp-content\/uploads\/2025\/10\/PHOTO-2025-10-30-13-10-37.jpeg 1024w, https:\/\/clubesportiubarna.com\/wp-content\/uploads\/2025\/10\/PHOTO-2025-10-30-13-10-37-300x189.jpeg 300w, https:\/\/clubesportiubarna.com\/wp-content\/uploads\/2025\/10\/PHOTO-2025-10-30-13-10-37-768x484.jpeg 768w\" sizes=\"(max-width: 1024px) 100vw, 1024px\" \/><\/figure>\n<\/div>\n<\/div>\n\n\n\n<p class=\"p1 has-medium-font-size\"><span class=\"s1\"><b>GRUPOS DE ENTRENEMIENTO DEL CLUB:<\/b><\/span><\/p>\n\n\n\n<p class=\"p1\"><span class=\"s1\"><b>CEM <mark style=\"background-color:rgba(0, 0, 0, 0);color:#f80683\" class=\"has-inline-color\">ESTACI\u00d3 DEL NORD<\/mark> (Calle N\u00e0pols, 42)<\/b><\/span><\/p>\n\n\n\n<p class=\"p1\"><span class=\"s1\"><b>INS <mark style=\"background-color:rgba(0, 0, 0, 0);color:#f80683\" class=\"has-inline-color\">PAU CLARIS<\/mark> (Calle Almog\u00e0vers, 7)<\/b><\/span><\/p>\n\n\n\n<p class=\"p1\"><span class=\"s1\"><b>ESCOLA <mark style=\"background-color:rgba(0, 0, 0, 0);color:#f80683\" class=\"has-inline-color\">SANT MARTI<\/mark> (<\/b><\/span><strong><strong><strong>C\/Sant Joan de Malta 130<\/strong><\/strong>)<\/strong><\/p>\n\n\n\n<p class=\"p1\"><span class=\"s1\"><b>ESCOLA <mark style=\"background-color:rgba(0, 0, 0, 0);color:#f80683\" class=\"has-inline-color\">VORAMAR<\/mark> (<\/b><\/span><strong><strong>C\/ de Ramon Turr\u00f3, 130<\/strong>)<\/strong><\/p>\n\n\n\n<p class=\"p1\"><span class=\"s1\"><b>ESCOLA <mark style=\"background-color:rgba(0, 0, 0, 0);color:#f80683\" class=\"has-inline-color\">MAR BELLA<\/mark> (<\/b><\/span><strong><strong><strong>Pla\u00e7a de Sant Bernat Calb\u00f3, 2<\/strong><\/strong>)<\/strong><\/p>\n\n\n\n<p class=\"p1\"><strong>INSTITUT<\/strong> <span class=\"s1\"><b>ESCOLA <mark style=\"background-color:rgba(0, 0, 0, 0);color:#e30569\" class=\"has-inline-color\">SICILIA<\/mark> (Calle Sicilia 249)<\/b><\/span><\/p>\n\n\n\n<p class=\"p1\"><span class=\"s1\"><b>ESCOLA <mark style=\"background-color:rgba(0, 0, 0, 0);color:#e30569\" class=\"has-inline-color\">MONTSERRAT SANT JUST DESVERN<\/mark> (<strong><strong>Avinguda Generalitat de Catalunya, 10<\/strong><\/strong>)<\/b><\/span><\/p>\n\n\n\n<p class=\"p1\"><span class=\"s1\"><b>ESCOLA <mark style=\"background-color:rgba(0, 0, 0, 0);color:#e30569\" class=\"has-inline-color\">MONTSENY SANT JUST DESVERN<\/mark> (<strong><strong><strong><strong>Av. Camp Roig, 12<\/strong><\/strong><\/strong><\/strong>)<\/b><\/span><\/p>\n\n\n\n<p><strong>ESCOLA <mark style=\"background-color:rgba(0, 0, 0, 0);color:#e30569\" class=\"has-inline-color\">NATZARET<\/mark> (Carrer de Mil\u00e0 i Pi, 29, Esplugues de Llobregat)<\/strong><\/p>\n\n\n\n<p><strong>ESCOLA <mark style=\"background-color:rgba(0, 0, 0, 0);color:#e30569\" class=\"has-inline-color\">ESCOLAPIES SANT MARTI<\/mark> (Carrer de Joan de Peguera, 42, Sant Marti)<\/strong><\/p>\n","protected":false},"excerpt":{"rendered":"<p>INFORMACI\u00d3N DE LOS GRUPOS: \u00a1Empieza a bailar! De P3 a P5 Desarrollo motriz, intelectual y afectivo mediante diferentes cuentos gimn\u00e1sticos. Muestra sesi\u00f3n: COMEN\u00c7A A BALLAR! La estimulaci\u00f3n de la psicomotricidad en edades<a class=\"moretag\" href=\"https:\/\/clubesportiubarna.com\/?page_id=413\">Read More&#8230;<\/a><\/p>\n","protected":false},"author":1,"featured_media":0,"parent":0,"menu_order":0,"comment_status":"closed","ping_status":"closed","template":"","meta":{"footnotes":""},"pll_sync_post":[],"lang":"ca","translations":{"en":1235,"ca":413},"_links":{"self":[{"href":"https:\/\/clubesportiubarna.com\/index.php?rest_route=\/wp\/v2\/pages\/413"}],"collection":[{"href":"https:\/\/clubesportiubarna.com\/index.php?rest_route=\/wp\/v2\/pages"}],"about":[{"href":"https:\/\/clubesportiubarna.com\/index.php?rest_route=\/wp\/v2\/types\/page"}],"author":[{"embeddable":true,"href":"https:\/\/clubesportiubarna.com\/index.php?rest_route=\/wp\/v2\/users\/1"}],"replies":[{"embeddable":true,"href":"https:\/\/clubesportiubarna.com\/index.php?rest_route=%2Fwp%2Fv2%2Fcomments&post=413"}],"version-history":[{"count":17,"href":"https:\/\/clubesportiubarna.com\/index.php?rest_route=\/wp\/v2\/pages\/413\/revisions"}],"predecessor-version":[{"id":1305,"href":"https:\/\/clubesportiubarna.com\/index.php?rest_route=\/wp\/v2\/pages\/413\/revisions\/1305"}],"wp:attachment":[{"href":"https:\/\/clubesportiubarna.com\/index.php?rest_route=%2Fwp%2Fv2%2Fmedia&parent=413"}],"curies":[{"name":"wp","href":"https:\/\/api.w.org\/{rel}","templated":true}]}}